{"id":36829,"date":"2019-05-24T13:02:40","date_gmt":"2019-05-24T11:02:40","guid":{"rendered":"https:\/\/www.ine.gob.bo\/?page_id=36829"},"modified":"2022-04-26T15:12:22","modified_gmt":"2022-04-26T19:12:22","slug":"notas-de-prensa","status":"publish","type":"page","link":"https:\/\/www.ine.gob.bo\/index.php\/comunicacion\/notas-de-prensa\/","title":{"rendered":"Notas de prensa"},"content":{"rendered":"<p>[vc_row][vc_column][vc_column_text]<style type='text\/css' media='all'>#rt-tpg-container-3604670868 .rt-holder .rt-woo-info .price{color:#1a4e92;}body .rt-tpg-container .rt-tpg-isotope-buttons .selected,\n\t\t\t\t\t#rt-tpg-container-3604670868 .layout12 .rt-holder:hover .rt-detail,\n\t\t\t\t\t#rt-tpg-container-3604670868 .isotope8 .rt-holder:hover .rt-detail,\n\t\t\t\t\t#rt-tpg-container-3604670868 .carousel8 .rt-holder:hover .rt-detail,\n\t\t\t\t\t#rt-tpg-container-3604670868 .layout13 .rt-holder .overlay .post-info,\n\t\t\t\t\t#rt-tpg-container-3604670868 .isotope9 .rt-holder .overlay .post-info,\n\t\t\t\t\t#rt-tpg-container-3604670868.rt-tpg-container .layout4 .rt-holder .rt-detail,\n\t\t\t\t\t.rt-modal-3604670868 .md-content,\n\t\t\t\t\t.rt-modal-3604670868 .md-content > .rt-md-content-holder .rt-md-content,\n\t\t\t\t\t.rt-popup-wrap-3604670868.rt-popup-wrap .rt-popup-navigation-wrap,\n\t\t\t\t\t#rt-tpg-container-3604670868 .carousel9 .rt-holder .overlay .post-info{background-color:#1a4e92;}#rt-tpg-container-3604670868 .layout5 .rt-holder .overlay, #rt-tpg-container-3604670868 .isotope2 .rt-holder .overlay, #rt-tpg-container-3604670868 .carousel2 .rt-holder .overlay,#rt-tpg-container-3604670868 .layout15 .rt-holder h3, #rt-tpg-container-3604670868 .isotope11 .rt-holder h3, #rt-tpg-container-3604670868 .carousel11 .rt-holder h3, #rt-tpg-container-3604670868 .layout16 .rt-holder h3,\n\t\t\t\t\t#rt-tpg-container-3604670868 .isotope12 .rt-holder h3, #rt-tpg-container-3604670868 .carousel12 .rt-holder h3 {background-color:rgba(26,78,146,0.8);}#rt-tpg-container-3604670868 .read-more a{border-radius:px;}#rt-tpg-container-3604670868 .rt-img-holder img.rt-img-responsive,#rt-tpg-container-3604670868 .rt-img-holder,\n\t\t\t\t\t#rt-tpg-container-3604670868 .rt-post-overlay .post-img,\n\t\t\t\t\t#rt-tpg-container-3604670868 .post-sm .post-img,\n\t\t\t\t\t#rt-tpg-container-3604670868 .rt-post-grid .post-img,\n\t\t\t\t\t#rt-tpg-container-3604670868 .post-img img {border-radius:px;}#rt-tpg-container-3604670868 .layout2 .rt-holder h2.entry-title,\n\t\t\t\t\t#rt-tpg-container-3604670868 .layout2 .rt-holder h3.entry-title,\n\t\t\t\t\t#rt-tpg-container-3604670868 .layout2 .rt-holder h4.entry-title,\n\t\t\t\t\t#rt-tpg-container-3604670868 .layout2 .rt-holder h2.entry-title a,\n\t\t\t\t\t#rt-tpg-container-3604670868 .layout2 .rt-holder h3.entry-title a,\n\t\t\t\t\t#rt-tpg-container-3604670868 .layout2 .rt-holder h4.entry-title a,\n\t\t\t\t\t#rt-tpg-container-3604670868 .rt-holder .rt-woo-info h2 a,\n\t\t\t\t\t#rt-tpg-container-3604670868 .rt-holder .rt-woo-info h3 a,\n\t\t\t\t\t#rt-tpg-container-3604670868 .rt-holder .rt-woo-info h4 a,\n\t\t\t\t\t#rt-tpg-container-3604670868 .post-content .post-title,\n\t\t\t\t\t#rt-tpg-container-3604670868 .rt-post-grid .post-title,\n\t\t\t\t\t#rt-tpg-container-3604670868 .rt-post-grid .post-title a,\n\t\t\t\t\t#rt-tpg-container-3604670868 .post-content .post-title a,\n\t\t\t\t\t#rt-tpg-container-3604670868 .rt-holder .rt-woo-info h2,\n\t\t\t\t\t#rt-tpg-container-3604670868 .rt-holder .rt-woo-info h3,\n\t\t\t\t\t#rt-tpg-container-3604670868 .rt-holder .rt-woo-info h4{font-size:23px;line-height:33px;}#rt-tpg-container-3604670868 .post-grid-lg-style-1 .post-title,\n\t\t\t\t\t\t#rt-tpg-container-3604670868 .post-grid-lg-style-1 .post-title a,\n\t\t\t\t\t\t#rt-tpg-container-3604670868 .big-layout .post-title,\n\t\t\t\t\t\t#rt-tpg-container-3604670868 .big-layout .post-title a,\n\t\t\t\t\t\t#rt-tpg-container-3604670868 .post-grid-lg-style-1 .post-title,\n\t\t\t\t\t\t#rt-tpg-container-3604670868 .post-grid-lg-style-1 .post-title a {font-size:31px;line-height:41px;}<\/style><div class='rt-container-fluid rt-tpg-container tpg-shortcode-main-wrapper ' id='rt-tpg-container-3604670868'   data-layout='layout2' data-grid-style='even' data-desktop-col='1'  data-tab-col='2'  data-mobile-col='1' data-sc-id='56098'><div data-title='Cargando...' class='rt-row rt-content-loader   layout2 tpg-even '><div class=\"rt-col-md-12 rt-col-sm-6 rt-col-xs-12 even-grid-item rt-grid-item img_zoom_in\" data-id=\"77023\"><div class=\"rt-holder\"><div class=\"rt-row\"><div class='rt-col-sm-3 rt-col-xs-12 '><div class=\"rt-img-holder\"><a data-id='77023' class='' href='https:\/\/www.ine.gob.bo\/index.php\/el-indice-de-precios-al-consumidor-ipc-presento-una-variacion-positiva-de-110-en-agosto-de-2026\/'><img loading=\"lazy\" decoding=\"async\" width=\"691\" height=\"901\" src=\"https:\/\/www.ine.gob.bo\/wp-content\/uploads\/2026\/09\/Portada-NP-IPC-Agosto-2026.png\" class=\"rt-img-responsive \" alt=\"\" \/><\/a><\/div><\/div><div class='rt-col-sm-9 rt-col-xs-12 '><div class='rt-detail'><h3 class=\"entry-title\"><a data-id=\"77023\" class=\"\" href=\"https:\/\/www.ine.gob.bo\/index.php\/el-indice-de-precios-al-consumidor-ipc-presento-una-variacion-positiva-de-110-en-agosto-de-2026\/\">EL \u00cdNDICE DE PRECIOS AL CONSUMIDOR (IPC) PRESENT\u00d3 UNA VARIACI\u00d3N POSITIVA DE 1,10% EN  AGOSTO DE 2026<\/a><\/h3><div class='post-meta-user '><span class='date-meta'><i class='far fa-calendar-alt '><\/i>3 septiembre, 2026<\/span><\/div><div class='tpg-excerpt'>La Paz, 3 de septiembre de 2026 (INE). \u2013 El \u00cdndice de Precios al Consumidor (IPC) registr\u00f3 una variaci\u00f3n mensual positiva de 1,10% en agosto de 2026, respecto a julio. Con este resultado, la inflaci\u00f3n acumulada al mes de agosto...<\/div><span class='read-more '><a data-id='77023' class='' href='https:\/\/www.ine.gob.bo\/index.php\/el-indice-de-precios-al-consumidor-ipc-presento-una-variacion-positiva-de-110-en-agosto-de-2026\/'>Leer m\u00e1s<\/a><\/span><\/div><\/div><\/div><\/div><\/div><div class=\"rt-col-md-12 rt-col-sm-6 rt-col-xs-12 even-grid-item rt-grid-item img_zoom_in\" data-id=\"76999\"><div class=\"rt-holder\"><div class=\"rt-row\"><div class='rt-col-sm-3 rt-col-xs-12 '><div class=\"rt-img-holder\"><a data-id='76999' class='' href='https:\/\/www.ine.gob.bo\/index.php\/bolivia-registra-superavit-comercial-de-usd-1760-millones-en-julio-de-2026\/'><img loading=\"lazy\" decoding=\"async\" width=\"687\" height=\"898\" src=\"https:\/\/www.ine.gob.bo\/wp-content\/uploads\/2026\/08\/Portada-NP-COMEX-JULIO-2026.png\" class=\"rt-img-responsive \" alt=\"\" \/><\/a><\/div><\/div><div class='rt-col-sm-9 rt-col-xs-12 '><div class='rt-detail'><h3 class=\"entry-title\"><a data-id=\"76999\" class=\"\" href=\"https:\/\/www.ine.gob.bo\/index.php\/bolivia-registra-superavit-comercial-de-usd-1760-millones-en-julio-de-2026\/\">BOLIVIA REGISTRA SUPER\u00c1VIT COMERCIAL DE USD 176,0 MILLONES  EN JULIO DE 2026<\/a><\/h3><div class='post-meta-user '><span class='date-meta'><i class='far fa-calendar-alt '><\/i>31 agosto, 2026<\/span><\/div><div class='tpg-excerpt'>La Paz, 31 de agosto de 2026 (INE). \u2013 Las recientes medidas econ\u00f3micas y comerciales implementadas por el Gobierno ampliaron positivamente la diferencia entre exportaciones e importaciones en julio de 2026. Como resultado, Bolivia registr\u00f3 un super\u00e1vit comercial de USD...<\/div><span class='read-more '><a data-id='76999' class='' href='https:\/\/www.ine.gob.bo\/index.php\/bolivia-registra-superavit-comercial-de-usd-1760-millones-en-julio-de-2026\/'>Leer m\u00e1s<\/a><\/span><\/div><\/div><\/div><\/div><\/div><div class=\"rt-col-md-12 rt-col-sm-6 rt-col-xs-12 even-grid-item rt-grid-item img_zoom_in\" data-id=\"76967\"><div class=\"rt-holder\"><div class=\"rt-row\"><div class='rt-col-sm-3 rt-col-xs-12 '><div class=\"rt-img-holder\"><a data-id='76967' class='' href='https:\/\/www.ine.gob.bo\/index.php\/el-indice-de-precios-productor-ipp-registra-un-incremento-de-509-en-julio-de-2026\/'><img loading=\"lazy\" decoding=\"async\" width=\"689\" height=\"897\" src=\"https:\/\/www.ine.gob.bo\/wp-content\/uploads\/2026\/08\/Portada-IPP-JULIO-2026.png\" class=\"rt-img-responsive \" alt=\"\" \/><\/a><\/div><\/div><div class='rt-col-sm-9 rt-col-xs-12 '><div class='rt-detail'><h3 class=\"entry-title\"><a data-id=\"76967\" class=\"\" href=\"https:\/\/www.ine.gob.bo\/index.php\/el-indice-de-precios-productor-ipp-registra-un-incremento-de-509-en-julio-de-2026\/\">El \u00cdndice de Precios Productor (IPP) registra un incremento de 5,09% en julio de 2026<\/a><\/h3><div class='post-meta-user '><span class='date-meta'><i class='far fa-calendar-alt '><\/i>27 agosto, 2026<\/span><\/div><div class='tpg-excerpt'>La Paz, 27 de agosto de 2026 (INE). \u2013 En julio de 2026, el \u00cdndice de Precios Productor (IPP) registr\u00f3 una variaci\u00f3n mensual positiva de 5,09% respecto a junio. La variaci\u00f3n acumulada de enero a julio alcanz\u00f3 5,11%, mientras que...<\/div><span class='read-more '><a data-id='76967' class='' href='https:\/\/www.ine.gob.bo\/index.php\/el-indice-de-precios-productor-ipp-registra-un-incremento-de-509-en-julio-de-2026\/'>Leer m\u00e1s<\/a><\/span><\/div><\/div><\/div><\/div><\/div><div class=\"rt-col-md-12 rt-col-sm-6 rt-col-xs-12 even-grid-item rt-grid-item img_zoom_in\" data-id=\"76960\"><div class=\"rt-holder\"><div class=\"rt-row\"><div class='rt-col-sm-3 rt-col-xs-12 '><div class=\"rt-img-holder\"><a data-id='76960' class='' href='https:\/\/www.ine.gob.bo\/index.php\/ine-fortalece-la-articulacion-territorial-con-cuatro-municipios-rumbo-al-censo-agropecuario\/'><img loading=\"lazy\" decoding=\"async\" width=\"1012\" height=\"672\" src=\"https:\/\/www.ine.gob.bo\/wp-content\/uploads\/2026\/08\/NP-ACUERDO-4-MUNICIPIOS-SC-2.png\" class=\"rt-img-responsive \" alt=\"\" \/><\/a><\/div><\/div><div class='rt-col-sm-9 rt-col-xs-12 '><div class='rt-detail'><h3 class=\"entry-title\"><a data-id=\"76960\" class=\"\" href=\"https:\/\/www.ine.gob.bo\/index.php\/ine-fortalece-la-articulacion-territorial-con-cuatro-municipios-rumbo-al-censo-agropecuario\/\">INE FORTALECE LA ARTICULACI\u00d3N TERRITORIAL CON CUATRO MUNICIPIOS RUMBO AL CENSO AGROPECUARIO<\/a><\/h3><div class='post-meta-user '><span class='date-meta'><i class='far fa-calendar-alt '><\/i>26 agosto, 2026<\/span><\/div><div class='tpg-excerpt'>Santa Cruz, 26 de agosto de 2026 (INE\/CA). - Los municipios de Cotoca, San Juan, Santa Rosa del Sara y San Mat\u00edas se incorporaron a las actividades del Censo Agropecuario mediante la suscripci\u00f3n de Acuerdos de Cooperaci\u00f3n Interinstitucional con el...<\/div><span class='read-more '><a data-id='76960' class='' href='https:\/\/www.ine.gob.bo\/index.php\/ine-fortalece-la-articulacion-territorial-con-cuatro-municipios-rumbo-al-censo-agropecuario\/'>Leer m\u00e1s<\/a><\/span><\/div><\/div><\/div><\/div><\/div><div class=\"rt-col-md-12 rt-col-sm-6 rt-col-xs-12 even-grid-item rt-grid-item img_zoom_in\" data-id=\"76954\"><div class=\"rt-holder\"><div class=\"rt-row\"><div class='rt-col-sm-3 rt-col-xs-12 '><div class=\"rt-img-holder\"><a data-id='76954' class='' href='https:\/\/www.ine.gob.bo\/index.php\/ine-suscribe-acuerdos-con-pocona-y-colcapirhua-para-fortalecer-el-censo-agropecuario\/'><img loading=\"lazy\" decoding=\"async\" width=\"1012\" height=\"543\" src=\"https:\/\/www.ine.gob.bo\/wp-content\/uploads\/2026\/08\/COLCAPIRHUA-POCONA-2.png\" class=\"rt-img-responsive \" alt=\"\" \/><\/a><\/div><\/div><div class='rt-col-sm-9 rt-col-xs-12 '><div class='rt-detail'><h3 class=\"entry-title\"><a data-id=\"76954\" class=\"\" href=\"https:\/\/www.ine.gob.bo\/index.php\/ine-suscribe-acuerdos-con-pocona-y-colcapirhua-para-fortalecer-el-censo-agropecuario\/\">INE SUSCRIBE ACUERDOS CON POCONA Y COLCAPIRHUA PARA FORTALECER EL CENSO AGROPECUARIO<\/a><\/h3><div class='post-meta-user '><span class='date-meta'><i class='far fa-calendar-alt '><\/i>25 agosto, 2026<\/span><\/div><div class='tpg-excerpt'>Cochabamba, 25 de agosto de 2026 (INE\/CA). - Pocona y Colcapirhua se sumaron al proceso de preparaci\u00f3n del Censo Agropecuario, luego de que sus gobiernos municipales suscribieran Acuerdos de Cooperaci\u00f3n Interinstitucional con el Instituto Nacional de Estad\u00edstica (INE), comprometiendo acciones...<\/div><span class='read-more '><a data-id='76954' class='' href='https:\/\/www.ine.gob.bo\/index.php\/ine-suscribe-acuerdos-con-pocona-y-colcapirhua-para-fortalecer-el-censo-agropecuario\/'>Leer m\u00e1s<\/a><\/span><\/div><\/div><\/div><\/div><\/div><div class=\"rt-col-md-12 rt-col-sm-6 rt-col-xs-12 even-grid-item rt-grid-item img_zoom_in\" data-id=\"76951\"><div class=\"rt-holder\"><div class=\"rt-row\"><div class='rt-col-sm-3 rt-col-xs-12 '><div class=\"rt-img-holder\"><a data-id='76951' class='' href='https:\/\/www.ine.gob.bo\/index.php\/ine-abre-segunda-fase-de-reclutamiento-de-personal-para-el-censo-agropecuario-en-cuatro-departamentos\/'><img loading=\"lazy\" decoding=\"async\" width=\"1600\" height=\"900\" src=\"https:\/\/www.ine.gob.bo\/wp-content\/uploads\/2026\/08\/f1.jpeg\" class=\"rt-img-responsive \" alt=\"\" \/><\/a><\/div><\/div><div class='rt-col-sm-9 rt-col-xs-12 '><div class='rt-detail'><h3 class=\"entry-title\"><a data-id=\"76951\" class=\"\" href=\"https:\/\/www.ine.gob.bo\/index.php\/ine-abre-segunda-fase-de-reclutamiento-de-personal-para-el-censo-agropecuario-en-cuatro-departamentos\/\">INE ABRE SEGUNDA FASE DE RECLUTAMIENTO  DE PERSONAL PARA EL CENSO AGROPECUARIO EN CUATRO DEPARTAMENTOS<\/a><\/h3><div class='post-meta-user '><span class='date-meta'><i class='far fa-calendar-alt '><\/i>23 agosto, 2026<\/span><\/div><div class='tpg-excerpt'>La Paz, 23 de agosto de 2026 (INE\/CA). - El Instituto Nacional de Estad\u00edstica (INE) inicia la segunda fase del reclutamiento de personal para el Censo Agropecuario, con una convocatoria dirigida a personas de Oruro, Chuquisaca, Tarija y Pando, quienes...<\/div><span class='read-more '><a data-id='76951' class='' href='https:\/\/www.ine.gob.bo\/index.php\/ine-abre-segunda-fase-de-reclutamiento-de-personal-para-el-censo-agropecuario-en-cuatro-departamentos\/'>Leer m\u00e1s<\/a><\/span><\/div><\/div><\/div><\/div><\/div><div class=\"rt-col-md-12 rt-col-sm-6 rt-col-xs-12 even-grid-item rt-grid-item img_zoom_in\" data-id=\"76946\"><div class=\"rt-holder\"><div class=\"rt-row\"><div class='rt-col-sm-3 rt-col-xs-12 '><div class=\"rt-img-holder\"><a data-id='76946' class='' href='https:\/\/www.ine.gob.bo\/index.php\/ine-y-municipios-de-cochabamba-unen-esfuerzos-para-impulsar-el-censo-agropecuario\/'><img loading=\"lazy\" decoding=\"async\" width=\"847\" height=\"560\" src=\"https:\/\/www.ine.gob.bo\/wp-content\/uploads\/2026\/08\/NP-ACUERDO-CUATRO-MUNICIPIOS-2.png\" class=\"rt-img-responsive \" alt=\"\" \/><\/a><\/div><\/div><div class='rt-col-sm-9 rt-col-xs-12 '><div class='rt-detail'><h3 class=\"entry-title\"><a data-id=\"76946\" class=\"\" href=\"https:\/\/www.ine.gob.bo\/index.php\/ine-y-municipios-de-cochabamba-unen-esfuerzos-para-impulsar-el-censo-agropecuario\/\">INE Y MUNICIPIOS DE COCHABAMBA UNEN ESFUERZOS PARA IMPULSAR EL CENSO AGROPECUARIO<\/a><\/h3><div class='post-meta-user '><span class='date-meta'><i class='far fa-calendar-alt '><\/i>22 agosto, 2026<\/span><\/div><div class='tpg-excerpt'>Cochabamba, 22 de agosto de 2026 (INE\/CA).- Cuatro municipios de Cochabamba formalizaron su apoyo al Censo Agropecuario 2026 mediante la suscripci\u00f3n de Acuerdos de Cooperaci\u00f3n Interinstitucional con el Instituto Nacional de Estad\u00edstica (INE), fortaleciendo la articulaci\u00f3n territorial para la preparaci\u00f3n...<\/div><span class='read-more '><a data-id='76946' class='' href='https:\/\/www.ine.gob.bo\/index.php\/ine-y-municipios-de-cochabamba-unen-esfuerzos-para-impulsar-el-censo-agropecuario\/'>Leer m\u00e1s<\/a><\/span><\/div><\/div><\/div><\/div><\/div><\/div><div class='rt-pagination-wrap' data-total-pages='112' data-posts-per-page='7' data-type='pagination'  ><div class=\"rt-pagination\" ><ul class=\"pagination-list\"><li class=\"active\"><span>1<\/span><\/li><li><a data-paged='2' href='https:\/\/www.ine.gob.bo\/index.php\/wp-json\/wp\/v2\/pages\/36829\/page\/2\/'>2<\/a><\/li><li><a data-paged='3' href='https:\/\/www.ine.gob.bo\/index.php\/wp-json\/wp\/v2\/pages\/36829\/page\/3\/'>3<\/a><\/li><li><a data-paged='4' href='https:\/\/www.ine.gob.bo\/index.php\/wp-json\/wp\/v2\/pages\/36829\/page\/4\/'>4<\/a><\/li><li><a data-paged='5' href='https:\/\/www.ine.gob.bo\/index.php\/wp-json\/wp\/v2\/pages\/36829\/page\/5\/'>5<\/a><\/li><li><a data-paged='2' href=\"https:\/\/www.ine.gob.bo\/index.php\/wp-json\/wp\/v2\/pages\/36829\/page\/2\/\"  aria-label='Next'>&rsaquo;<\/a><\/li><li><a data-paged='112' href='https:\/\/www.ine.gob.bo\/index.php\/wp-json\/wp\/v2\/pages\/36829\/page\/112\/' aria-label='Last'>&raquo;<\/a><\/li><\/ul><\/div><\/div><\/div>[\/vc_column_text][\/vc_column][\/vc_row]<\/p>\n","protected":false},"excerpt":{"rendered":"<p>[vc_row][vc_column][vc_column_text][\/vc_column_text][\/vc_column][\/vc_row]<\/p>\n","protected":false},"author":1,"featured_media":0,"parent":36827,"menu_order":0,"comment_status":"closed","ping_status":"closed","template":"","meta":[],"class_list":["post-36829","page","type-page","status-publish","hentry","category-158","description-off"],"yoast_head":"<!-- This site is optimized with the Yoast SEO plugin v23.2 - https:\/\/yoast.com\/wordpress\/plugins\/seo\/ -->\n<title>Notas de prensa - INE<\/title>\n<meta name=\"description\" content=\"P\u00e1gina oficial del Instituto Nacional de Estadisticas INE, informaci\u00f3n estad\u00edstica, geogr\u00e1fica y econ\u00f3mica a nivel nacional.\" \/>\n<meta name=\"robots\" content=\"index, follow, max-snippet:-1, max-image-preview:large, max-video-preview:-1\" \/>\n<link rel=\"canonical\" href=\"https:\/\/www.ine.gob.bo\/index.php\/comunicacion\/notas-de-prensa\/\" \/>\n<meta property=\"og:locale\" content=\"es_ES\" \/>\n<meta property=\"og:type\" content=\"article\" \/>\n<meta property=\"og:title\" content=\"Notas de prensa - INE\" \/>\n<meta property=\"og:description\" content=\"P\u00e1gina oficial del Instituto Nacional de Estadisticas INE, informaci\u00f3n estad\u00edstica, geogr\u00e1fica y econ\u00f3mica a nivel nacional.\" \/>\n<meta property=\"og:url\" content=\"https:\/\/www.ine.gob.bo\/index.php\/comunicacion\/notas-de-prensa\/\" \/>\n<meta property=\"og:site_name\" content=\"INE\" \/>\n<meta property=\"article:publisher\" content=\"https:\/\/www.facebook.com\/ineboliviaoficial\" \/>\n<meta property=\"article:modified_time\" content=\"2022-04-26T19:12:22+00:00\" \/>\n<meta name=\"twitter:card\" content=\"summary_large_image\" \/>\n<meta name=\"twitter:site\" content=\"@INE_Bolivia\" \/>\n<meta name=\"twitter:label1\" content=\"Tiempo de lectura\" \/>\n\t<meta name=\"twitter:data1\" content=\"1 minuto\" \/>\n<script type=\"application\/ld+json\" class=\"yoast-schema-graph\">{\"@context\":\"https:\/\/schema.org\",\"@graph\":[{\"@type\":\"WebPage\",\"@id\":\"https:\/\/www.ine.gob.bo\/index.php\/comunicacion\/notas-de-prensa\/\",\"url\":\"https:\/\/www.ine.gob.bo\/index.php\/comunicacion\/notas-de-prensa\/\",\"name\":\"Notas de prensa - INE\",\"isPartOf\":{\"@id\":\"https:\/\/www.ine.gob.bo\/#website\"},\"datePublished\":\"2019-05-24T11:02:40+00:00\",\"dateModified\":\"2022-04-26T19:12:22+00:00\",\"description\":\"P\u00e1gina oficial del Instituto Nacional de Estadisticas INE, informaci\u00f3n estad\u00edstica, geogr\u00e1fica y econ\u00f3mica a nivel nacional.\",\"breadcrumb\":{\"@id\":\"https:\/\/www.ine.gob.bo\/index.php\/comunicacion\/notas-de-prensa\/#breadcrumb\"},\"inLanguage\":\"es\",\"potentialAction\":[{\"@type\":\"ReadAction\",\"target\":[\"https:\/\/www.ine.gob.bo\/index.php\/comunicacion\/notas-de-prensa\/\"]}]},{\"@type\":\"BreadcrumbList\",\"@id\":\"https:\/\/www.ine.gob.bo\/index.php\/comunicacion\/notas-de-prensa\/#breadcrumb\",\"itemListElement\":[{\"@type\":\"ListItem\",\"position\":1,\"name\":\"Portada\",\"item\":\"https:\/\/www.ine.gob.bo\/\"},{\"@type\":\"ListItem\",\"position\":2,\"name\":\"Comunicaci\u00f3n\",\"item\":\"https:\/\/www.ine.gob.bo\/index.php\/comunicacion\/\"},{\"@type\":\"ListItem\",\"position\":3,\"name\":\"Notas de prensa\"}]},{\"@type\":\"WebSite\",\"@id\":\"https:\/\/www.ine.gob.bo\/#website\",\"url\":\"https:\/\/www.ine.gob.bo\/\",\"name\":\"INE\",\"description\":\"Instituto Nacional de Estad\u00edstica\",\"publisher\":{\"@id\":\"https:\/\/www.ine.gob.bo\/#organization\"},\"potentialAction\":[{\"@type\":\"SearchAction\",\"target\":{\"@type\":\"EntryPoint\",\"urlTemplate\":\"https:\/\/www.ine.gob.bo\/?s={search_term_string}\"},\"query-input\":\"required name=search_term_string\"}],\"inLanguage\":\"es\"},{\"@type\":\"Organization\",\"@id\":\"https:\/\/www.ine.gob.bo\/#organization\",\"name\":\"Instituto Nacional de Estad\u00edstica\",\"url\":\"https:\/\/www.ine.gob.bo\/\",\"logo\":{\"@type\":\"ImageObject\",\"inLanguage\":\"es\",\"@id\":\"https:\/\/www.ine.gob.bo\/#\/schema\/logo\/image\/\",\"url\":\"https:\/\/www.ine.gob.bo\/wp-content\/uploads\/2026\/02\/logo-ine.jpg\",\"contentUrl\":\"https:\/\/www.ine.gob.bo\/wp-content\/uploads\/2026\/02\/logo-ine.jpg\",\"width\":799,\"height\":453,\"caption\":\"Instituto Nacional de Estad\u00edstica\"},\"image\":{\"@id\":\"https:\/\/www.ine.gob.bo\/#\/schema\/logo\/image\/\"},\"sameAs\":[\"https:\/\/www.facebook.com\/ineboliviaoficial\",\"https:\/\/x.com\/INE_Bolivia\",\"https:\/\/www.instagram.com\/ineboliviaoficial\/\",\"https:\/\/www.youtube.com\/channel\/UCbIQXKLw414g5kWo1tAwqCg\"]}]}<\/script>\n<!-- \/ Yoast SEO plugin. -->","yoast_head_json":{"title":"Notas de prensa - INE","description":"P\u00e1gina oficial del Instituto Nacional de Estadisticas INE, informaci\u00f3n estad\u00edstica, geogr\u00e1fica y econ\u00f3mica a nivel nacional.","robots":{"index":"index","follow":"follow","max-snippet":"max-snippet:-1","max-image-preview":"max-image-preview:large","max-video-preview":"max-video-preview:-1"},"canonical":"https:\/\/www.ine.gob.bo\/index.php\/comunicacion\/notas-de-prensa\/","og_locale":"es_ES","og_type":"article","og_title":"Notas de prensa - INE","og_description":"P\u00e1gina oficial del Instituto Nacional de Estadisticas INE, informaci\u00f3n estad\u00edstica, geogr\u00e1fica y econ\u00f3mica a nivel nacional.","og_url":"https:\/\/www.ine.gob.bo\/index.php\/comunicacion\/notas-de-prensa\/","og_site_name":"INE","article_publisher":"https:\/\/www.facebook.com\/ineboliviaoficial","article_modified_time":"2022-04-26T19:12:22+00:00","twitter_card":"summary_large_image","twitter_site":"@INE_Bolivia","twitter_misc":{"Tiempo de lectura":"1 minuto"},"schema":{"@context":"https:\/\/schema.org","@graph":[{"@type":"WebPage","@id":"https:\/\/www.ine.gob.bo\/index.php\/comunicacion\/notas-de-prensa\/","url":"https:\/\/www.ine.gob.bo\/index.php\/comunicacion\/notas-de-prensa\/","name":"Notas de prensa - INE","isPartOf":{"@id":"https:\/\/www.ine.gob.bo\/#website"},"datePublished":"2019-05-24T11:02:40+00:00","dateModified":"2022-04-26T19:12:22+00:00","description":"P\u00e1gina oficial del Instituto Nacional de Estadisticas INE, informaci\u00f3n estad\u00edstica, geogr\u00e1fica y econ\u00f3mica a nivel nacional.","breadcrumb":{"@id":"https:\/\/www.ine.gob.bo\/index.php\/comunicacion\/notas-de-prensa\/#breadcrumb"},"inLanguage":"es","potentialAction":[{"@type":"ReadAction","target":["https:\/\/www.ine.gob.bo\/index.php\/comunicacion\/notas-de-prensa\/"]}]},{"@type":"BreadcrumbList","@id":"https:\/\/www.ine.gob.bo\/index.php\/comunicacion\/notas-de-prensa\/#breadcrumb","itemListElement":[{"@type":"ListItem","position":1,"name":"Portada","item":"https:\/\/www.ine.gob.bo\/"},{"@type":"ListItem","position":2,"name":"Comunicaci\u00f3n","item":"https:\/\/www.ine.gob.bo\/index.php\/comunicacion\/"},{"@type":"ListItem","position":3,"name":"Notas de prensa"}]},{"@type":"WebSite","@id":"https:\/\/www.ine.gob.bo\/#website","url":"https:\/\/www.ine.gob.bo\/","name":"INE","description":"Instituto Nacional de Estad\u00edstica","publisher":{"@id":"https:\/\/www.ine.gob.bo\/#organization"},"potentialAction":[{"@type":"SearchAction","target":{"@type":"EntryPoint","urlTemplate":"https:\/\/www.ine.gob.bo\/?s={search_term_string}"},"query-input":"required name=search_term_string"}],"inLanguage":"es"},{"@type":"Organization","@id":"https:\/\/www.ine.gob.bo\/#organization","name":"Instituto Nacional de Estad\u00edstica","url":"https:\/\/www.ine.gob.bo\/","logo":{"@type":"ImageObject","inLanguage":"es","@id":"https:\/\/www.ine.gob.bo\/#\/schema\/logo\/image\/","url":"https:\/\/www.ine.gob.bo\/wp-content\/uploads\/2026\/02\/logo-ine.jpg","contentUrl":"https:\/\/www.ine.gob.bo\/wp-content\/uploads\/2026\/02\/logo-ine.jpg","width":799,"height":453,"caption":"Instituto Nacional de Estad\u00edstica"},"image":{"@id":"https:\/\/www.ine.gob.bo\/#\/schema\/logo\/image\/"},"sameAs":["https:\/\/www.facebook.com\/ineboliviaoficial","https:\/\/x.com\/INE_Bolivia","https:\/\/www.instagram.com\/ineboliviaoficial\/","https:\/\/www.youtube.com\/channel\/UCbIQXKLw414g5kWo1tAwqCg"]}]}},"rttpg_featured_image_url":null,"rttpg_author":{"display_name":"4dmin-root","author_link":"https:\/\/www.ine.gob.bo\/index.php\/author\/4dmin-root\/"},"rttpg_comment":0,"rttpg_category":"","rttpg_excerpt":"[vc_row][vc_column][vc_column_text][\/vc_column_text][\/vc_column][\/vc_row]","_links":{"self":[{"href":"https:\/\/www.ine.gob.bo\/index.php\/wp-json\/wp\/v2\/pages\/36829","targetHints":{"allow":["GET"]}}],"collection":[{"href":"https:\/\/www.ine.gob.bo\/index.php\/wp-json\/wp\/v2\/pages"}],"about":[{"href":"https:\/\/www.ine.gob.bo\/index.php\/wp-json\/wp\/v2\/types\/page"}],"author":[{"embeddable":true,"href":"https:\/\/www.ine.gob.bo\/index.php\/wp-json\/wp\/v2\/users\/1"}],"replies":[{"embeddable":true,"href":"https:\/\/www.ine.gob.bo\/index.php\/wp-json\/wp\/v2\/comments?post=36829"}],"version-history":[{"count":0,"href":"https:\/\/www.ine.gob.bo\/index.php\/wp-json\/wp\/v2\/pages\/36829\/revisions"}],"up":[{"embeddable":true,"href":"https:\/\/www.ine.gob.bo\/index.php\/wp-json\/wp\/v2\/pages\/36827"}],"wp:attachment":[{"href":"https:\/\/www.ine.gob.bo\/index.php\/wp-json\/wp\/v2\/media?parent=36829"}],"curies":[{"name":"wp","href":"https:\/\/api.w.org\/{rel}","templated":true}]}}