{"id":48196,"date":"2020-07-15T11:18:04","date_gmt":"2020-07-15T15:18:04","guid":{"rendered":"https:\/\/www.ine.gob.bo\/?post_type=dt_portfolio&#038;p=48196"},"modified":"2025-05-27T10:00:50","modified_gmt":"2025-05-27T14:00:50","slug":"nota-tecnica-actualizacion-de-la-canasta-basica-de-alimentos-y-de-las-lineas-de-pobreza","status":"publish","type":"dt_portfolio","link":"https:\/\/www.ine.gob.bo\/index.php\/publicaciones\/nota-tecnica-actualizacion-de-la-canasta-basica-de-alimentos-y-de-las-lineas-de-pobreza\/","title":{"rendered":"Nota T\u00e9cnica &#8211; Actualizaci\u00f3n de la Canasta B\u00e1sica de Alimentos y de las L\u00edneas de Pobreza"},"content":{"rendered":"<p>[vc_row][vc_column width=&#8221;1\/6&#8243;][\/vc_column][vc_column width=&#8221;2\/3&#8243;][vc_column_text]<\/p>\r\n<p><\/p>\r\n<div class=\"wp-block-cgb-block-algori-pdf-viewer\">    <div class=\"wpfd-file wpfd-single-file\" data-file=\"48206\">\n        <div class=\"wpfd-file-link wpfd_downloadlink\">\n                        <a class=\"noLightbox wpfd-single-file-downloadicon\"\n               href=\"https:\/\/www.ine.gob.bo\/index.php\/descarga\/225\/publicaciones\/48206\/nota-tecnica-pobreza-2f.pdf\"\n               data-id=\"48206\"\n               title=\"\">\n                <img src=\"https:\/\/www.ine.gob.bo\/wp-content\/plugins\/wp-file-download\/app\/site\/assets\/images\/theme\/download.png\" \/>\n            <\/a>\n            <a class=\"noLightbox\"\n               href=\"https:\/\/www.ine.gob.bo\/index.php\/descarga\/225\/publicaciones\/48206\/nota-tecnica-pobreza-2f.pdf\"\n               data-id=\"48206\"\n               title=\"\">\n                <span class=\"droptitle\">\n                    NOTA TECNICA POBREZA..-2F                <\/span>\n                <br\/>\n                                <span class=\"dropinfos\">\n                                            <b>Tama\u00f1o: <\/b>\n                        248.01 KB                                        <b>Formato : <\/b>\n                    PDF                <\/span>\n                            <\/a><br>\n                            <a data-id=\"48206\" data-catid=\"225\"\n                   data-file-type=\"pdf\"\n                   class=\"openlink wpfdlightbox wpfd_previewlink noLightbox\"\n                   href=\"https:\/\/docs.google.com\/viewer?url=https%3A%2F%2Fwww.ine.gob.bo%2Fwp-admin%2Fadmin-ajax.php%3Fjuwpfisadmin%3Dfalse%26action%3Dwpfd%26task%3Dfile.download%26wpfd_category_id%3D225%26wpfd_file_id%3D48206%26token%3Da93afd5074b3937649d4212bdb9e7b1e%26preview%3D1&#038;embedded=true\">\n                    Vista previa<\/a>\n                    <\/div>\n    <\/div>\n<style>.wpfd-single-file .wpfd_previewlink {margin-top: 10px;display: block;font-weight: bold;}.wpfd-single-file .wpfd-file-link {background-color: #ef524a !important;}.wpfd-single-file .wpfd-file-link {color: #ffffff !important;}.wpfd-single-file .wpfd-file-link:hover {background-color: #888888 !important;}<\/style><\/div>\r\n<p><\/p>\r\n<figure><\/figure>\r\n<p>[\/vc_column_text][vc_column_text]<\/p>\r\n<div align=\"center\"><a href=\"https:\/\/nimbus.ine.gob.bo\/index.php\/s\/otpbLAso9dr37eB\/download\">Descargar PDF<\/a><\/div>\r\n<p>[\/vc_column_text][\/vc_column][vc_column width=&#8221;1\/6&#8243;][\/vc_column][\/vc_row]<\/p>","protected":false},"excerpt":{"rendered":"<p>[vc_row][vc_column width=&#8221;1\/6&#8243;][\/vc_column][vc_column width=&#8221;2\/3&#8243;][vc_column_text] [\/vc_column_text][vc_column_text] Descargar PDF [\/vc_column_text][\/vc_column][vc_column width=&#8221;1\/6&#8243;][\/vc_column][\/vc_row]<\/p>\n","protected":false},"author":4,"featured_media":48197,"comment_status":"closed","ping_status":"closed","template":"","dt_portfolio_category":[402,615,322],"class_list":["post-48196","dt_portfolio","type-dt_portfolio","status-publish","has-post-thumbnail","hentry","dt_portfolio_category-cultura-estadistica","dt_portfolio_category-gestion-2020","dt_portfolio_category-todas-las-publicaciones","dt_portfolio_category-402","dt_portfolio_category-615","dt_portfolio_category-322","description-off"],"yoast_head":"<!-- This site is optimized with the Yoast SEO plugin v23.2 - https:\/\/yoast.com\/wordpress\/plugins\/seo\/ -->\n<title>Nota T\u00e9cnica - Actualizaci\u00f3n de la Canasta B\u00e1sica de Alimentos y de las L\u00edneas de Pobreza - INE<\/title>\n<meta name=\"description\" content=\"P\u00e1gina oficial del Instituto Nacional de Estadisticas INE, informaci\u00f3n estad\u00edstica, geogr\u00e1fica y econ\u00f3mica a nivel nacional.\" \/>\n<meta name=\"robots\" content=\"index, follow, max-snippet:-1, max-image-preview:large, max-video-preview:-1\" \/>\n<link rel=\"canonical\" href=\"https:\/\/www.ine.gob.bo\/index.php\/publicaciones\/nota-tecnica-actualizacion-de-la-canasta-basica-de-alimentos-y-de-las-lineas-de-pobreza\/\" \/>\n<meta property=\"og:locale\" content=\"es_ES\" \/>\n<meta property=\"og:type\" content=\"article\" \/>\n<meta property=\"og:title\" content=\"Nota T\u00e9cnica - Actualizaci\u00f3n de la Canasta B\u00e1sica de Alimentos y de las L\u00edneas de Pobreza - INE\" \/>\n<meta property=\"og:description\" content=\"P\u00e1gina oficial del Instituto Nacional de Estadisticas INE, informaci\u00f3n estad\u00edstica, geogr\u00e1fica y econ\u00f3mica a nivel nacional.\" \/>\n<meta property=\"og:url\" content=\"https:\/\/www.ine.gob.bo\/index.php\/publicaciones\/nota-tecnica-actualizacion-de-la-canasta-basica-de-alimentos-y-de-las-lineas-de-pobreza\/\" \/>\n<meta property=\"og:site_name\" content=\"INE\" \/>\n<meta property=\"article:publisher\" content=\"https:\/\/www.facebook.com\/ineboliviaoficial\" \/>\n<meta property=\"article:modified_time\" content=\"2025-05-27T14:00:50+00:00\" \/>\n<meta property=\"og:image\" content=\"https:\/\/www.ine.gob.bo\/wp-content\/uploads\/2020\/07\/06-1.png\" \/>\n\t<meta property=\"og:image:width\" content=\"558\" \/>\n\t<meta property=\"og:image:height\" content=\"725\" \/>\n\t<meta property=\"og:image:type\" content=\"image\/png\" \/>\n<meta name=\"twitter:card\" content=\"summary_large_image\" \/>\n<meta name=\"twitter:site\" content=\"@INE_Bolivia\" \/>\n<meta name=\"twitter:label1\" content=\"Tiempo de lectura\" \/>\n\t<meta name=\"twitter:data1\" content=\"1 minuto\" \/>\n<script type=\"application\/ld+json\" class=\"yoast-schema-graph\">{\"@context\":\"https:\/\/schema.org\",\"@graph\":[{\"@type\":\"WebPage\",\"@id\":\"https:\/\/www.ine.gob.bo\/index.php\/publicaciones\/nota-tecnica-actualizacion-de-la-canasta-basica-de-alimentos-y-de-las-lineas-de-pobreza\/\",\"url\":\"https:\/\/www.ine.gob.bo\/index.php\/publicaciones\/nota-tecnica-actualizacion-de-la-canasta-basica-de-alimentos-y-de-las-lineas-de-pobreza\/\",\"name\":\"Nota T\u00e9cnica - Actualizaci\u00f3n de la Canasta B\u00e1sica de Alimentos y de las L\u00edneas de Pobreza - INE\",\"isPartOf\":{\"@id\":\"https:\/\/www.ine.gob.bo\/#website\"},\"primaryImageOfPage\":{\"@id\":\"https:\/\/www.ine.gob.bo\/index.php\/publicaciones\/nota-tecnica-actualizacion-de-la-canasta-basica-de-alimentos-y-de-las-lineas-de-pobreza\/#primaryimage\"},\"image\":{\"@id\":\"https:\/\/www.ine.gob.bo\/index.php\/publicaciones\/nota-tecnica-actualizacion-de-la-canasta-basica-de-alimentos-y-de-las-lineas-de-pobreza\/#primaryimage\"},\"thumbnailUrl\":\"https:\/\/www.ine.gob.bo\/wp-content\/uploads\/2020\/07\/06-1.png\",\"datePublished\":\"2020-07-15T15:18:04+00:00\",\"dateModified\":\"2025-05-27T14:00:50+00:00\",\"description\":\"P\u00e1gina oficial del Instituto Nacional de Estadisticas INE, informaci\u00f3n estad\u00edstica, geogr\u00e1fica y econ\u00f3mica a nivel nacional.\",\"breadcrumb\":{\"@id\":\"https:\/\/www.ine.gob.bo\/index.php\/publicaciones\/nota-tecnica-actualizacion-de-la-canasta-basica-de-alimentos-y-de-las-lineas-de-pobreza\/#breadcrumb\"},\"inLanguage\":\"es\",\"potentialAction\":[{\"@type\":\"ReadAction\",\"target\":[\"https:\/\/www.ine.gob.bo\/index.php\/publicaciones\/nota-tecnica-actualizacion-de-la-canasta-basica-de-alimentos-y-de-las-lineas-de-pobreza\/\"]}]},{\"@type\":\"ImageObject\",\"inLanguage\":\"es\",\"@id\":\"https:\/\/www.ine.gob.bo\/index.php\/publicaciones\/nota-tecnica-actualizacion-de-la-canasta-basica-de-alimentos-y-de-las-lineas-de-pobreza\/#primaryimage\",\"url\":\"https:\/\/www.ine.gob.bo\/wp-content\/uploads\/2020\/07\/06-1.png\",\"contentUrl\":\"https:\/\/www.ine.gob.bo\/wp-content\/uploads\/2020\/07\/06-1.png\",\"width\":558,\"height\":725},{\"@type\":\"BreadcrumbList\",\"@id\":\"https:\/\/www.ine.gob.bo\/index.php\/publicaciones\/nota-tecnica-actualizacion-de-la-canasta-basica-de-alimentos-y-de-las-lineas-de-pobreza\/#breadcrumb\",\"itemListElement\":[{\"@type\":\"ListItem\",\"position\":1,\"name\":\"Portada\",\"item\":\"https:\/\/www.ine.gob.bo\/\"},{\"@type\":\"ListItem\",\"position\":2,\"name\":\"Portafolio\",\"item\":\"https:\/\/www.ine.gob.bo\/index.php\/publicaciones\/\"},{\"@type\":\"ListItem\",\"position\":3,\"name\":\"Nota T\u00e9cnica &#8211; Actualizaci\u00f3n de la Canasta B\u00e1sica de Alimentos y de las L\u00edneas de Pobreza\"}]},{\"@type\":\"WebSite\",\"@id\":\"https:\/\/www.ine.gob.bo\/#website\",\"url\":\"https:\/\/www.ine.gob.bo\/\",\"name\":\"INE\",\"description\":\"Instituto Nacional de Estad\u00edstica\",\"publisher\":{\"@id\":\"https:\/\/www.ine.gob.bo\/#organization\"},\"potentialAction\":[{\"@type\":\"SearchAction\",\"target\":{\"@type\":\"EntryPoint\",\"urlTemplate\":\"https:\/\/www.ine.gob.bo\/?s={search_term_string}\"},\"query-input\":\"required name=search_term_string\"}],\"inLanguage\":\"es\"},{\"@type\":\"Organization\",\"@id\":\"https:\/\/www.ine.gob.bo\/#organization\",\"name\":\"Instituto Nacional de Estad\u00edstica\",\"url\":\"https:\/\/www.ine.gob.bo\/\",\"logo\":{\"@type\":\"ImageObject\",\"inLanguage\":\"es\",\"@id\":\"https:\/\/www.ine.gob.bo\/#\/schema\/logo\/image\/\",\"url\":\"https:\/\/www.ine.gob.bo\/wp-content\/uploads\/2026\/02\/logo-ine.jpg\",\"contentUrl\":\"https:\/\/www.ine.gob.bo\/wp-content\/uploads\/2026\/02\/logo-ine.jpg\",\"width\":799,\"height\":453,\"caption\":\"Instituto Nacional de Estad\u00edstica\"},\"image\":{\"@id\":\"https:\/\/www.ine.gob.bo\/#\/schema\/logo\/image\/\"},\"sameAs\":[\"https:\/\/www.facebook.com\/ineboliviaoficial\",\"https:\/\/x.com\/INE_Bolivia\",\"https:\/\/www.instagram.com\/ineboliviaoficial\/\",\"https:\/\/www.youtube.com\/channel\/UCbIQXKLw414g5kWo1tAwqCg\"]}]}<\/script>\n<!-- \/ Yoast SEO plugin. -->","yoast_head_json":{"title":"Nota T\u00e9cnica - Actualizaci\u00f3n de la Canasta B\u00e1sica de Alimentos y de las L\u00edneas de Pobreza - INE","description":"P\u00e1gina oficial del Instituto Nacional de Estadisticas INE, informaci\u00f3n estad\u00edstica, geogr\u00e1fica y econ\u00f3mica a nivel nacional.","robots":{"index":"index","follow":"follow","max-snippet":"max-snippet:-1","max-image-preview":"max-image-preview:large","max-video-preview":"max-video-preview:-1"},"canonical":"https:\/\/www.ine.gob.bo\/index.php\/publicaciones\/nota-tecnica-actualizacion-de-la-canasta-basica-de-alimentos-y-de-las-lineas-de-pobreza\/","og_locale":"es_ES","og_type":"article","og_title":"Nota T\u00e9cnica - Actualizaci\u00f3n de la Canasta B\u00e1sica de Alimentos y de las L\u00edneas de Pobreza - INE","og_description":"P\u00e1gina oficial del Instituto Nacional de Estadisticas INE, informaci\u00f3n estad\u00edstica, geogr\u00e1fica y econ\u00f3mica a nivel nacional.","og_url":"https:\/\/www.ine.gob.bo\/index.php\/publicaciones\/nota-tecnica-actualizacion-de-la-canasta-basica-de-alimentos-y-de-las-lineas-de-pobreza\/","og_site_name":"INE","article_publisher":"https:\/\/www.facebook.com\/ineboliviaoficial","article_modified_time":"2025-05-27T14:00:50+00:00","og_image":[{"width":558,"height":725,"url":"https:\/\/www.ine.gob.bo\/wp-content\/uploads\/2020\/07\/06-1.png","type":"image\/png"}],"twitter_card":"summary_large_image","twitter_site":"@INE_Bolivia","twitter_misc":{"Tiempo de lectura":"1 minuto"},"schema":{"@context":"https:\/\/schema.org","@graph":[{"@type":"WebPage","@id":"https:\/\/www.ine.gob.bo\/index.php\/publicaciones\/nota-tecnica-actualizacion-de-la-canasta-basica-de-alimentos-y-de-las-lineas-de-pobreza\/","url":"https:\/\/www.ine.gob.bo\/index.php\/publicaciones\/nota-tecnica-actualizacion-de-la-canasta-basica-de-alimentos-y-de-las-lineas-de-pobreza\/","name":"Nota T\u00e9cnica - Actualizaci\u00f3n de la Canasta B\u00e1sica de Alimentos y de las L\u00edneas de Pobreza - INE","isPartOf":{"@id":"https:\/\/www.ine.gob.bo\/#website"},"primaryImageOfPage":{"@id":"https:\/\/www.ine.gob.bo\/index.php\/publicaciones\/nota-tecnica-actualizacion-de-la-canasta-basica-de-alimentos-y-de-las-lineas-de-pobreza\/#primaryimage"},"image":{"@id":"https:\/\/www.ine.gob.bo\/index.php\/publicaciones\/nota-tecnica-actualizacion-de-la-canasta-basica-de-alimentos-y-de-las-lineas-de-pobreza\/#primaryimage"},"thumbnailUrl":"https:\/\/www.ine.gob.bo\/wp-content\/uploads\/2020\/07\/06-1.png","datePublished":"2020-07-15T15:18:04+00:00","dateModified":"2025-05-27T14:00:50+00:00","description":"P\u00e1gina oficial del Instituto Nacional de Estadisticas INE, informaci\u00f3n estad\u00edstica, geogr\u00e1fica y econ\u00f3mica a nivel nacional.","breadcrumb":{"@id":"https:\/\/www.ine.gob.bo\/index.php\/publicaciones\/nota-tecnica-actualizacion-de-la-canasta-basica-de-alimentos-y-de-las-lineas-de-pobreza\/#breadcrumb"},"inLanguage":"es","potentialAction":[{"@type":"ReadAction","target":["https:\/\/www.ine.gob.bo\/index.php\/publicaciones\/nota-tecnica-actualizacion-de-la-canasta-basica-de-alimentos-y-de-las-lineas-de-pobreza\/"]}]},{"@type":"ImageObject","inLanguage":"es","@id":"https:\/\/www.ine.gob.bo\/index.php\/publicaciones\/nota-tecnica-actualizacion-de-la-canasta-basica-de-alimentos-y-de-las-lineas-de-pobreza\/#primaryimage","url":"https:\/\/www.ine.gob.bo\/wp-content\/uploads\/2020\/07\/06-1.png","contentUrl":"https:\/\/www.ine.gob.bo\/wp-content\/uploads\/2020\/07\/06-1.png","width":558,"height":725},{"@type":"BreadcrumbList","@id":"https:\/\/www.ine.gob.bo\/index.php\/publicaciones\/nota-tecnica-actualizacion-de-la-canasta-basica-de-alimentos-y-de-las-lineas-de-pobreza\/#breadcrumb","itemListElement":[{"@type":"ListItem","position":1,"name":"Portada","item":"https:\/\/www.ine.gob.bo\/"},{"@type":"ListItem","position":2,"name":"Portafolio","item":"https:\/\/www.ine.gob.bo\/index.php\/publicaciones\/"},{"@type":"ListItem","position":3,"name":"Nota T\u00e9cnica &#8211; Actualizaci\u00f3n de la Canasta B\u00e1sica de Alimentos y de las L\u00edneas de Pobreza"}]},{"@type":"WebSite","@id":"https:\/\/www.ine.gob.bo\/#website","url":"https:\/\/www.ine.gob.bo\/","name":"INE","description":"Instituto Nacional de Estad\u00edstica","publisher":{"@id":"https:\/\/www.ine.gob.bo\/#organization"},"potentialAction":[{"@type":"SearchAction","target":{"@type":"EntryPoint","urlTemplate":"https:\/\/www.ine.gob.bo\/?s={search_term_string}"},"query-input":"required name=search_term_string"}],"inLanguage":"es"},{"@type":"Organization","@id":"https:\/\/www.ine.gob.bo\/#organization","name":"Instituto Nacional de Estad\u00edstica","url":"https:\/\/www.ine.gob.bo\/","logo":{"@type":"ImageObject","inLanguage":"es","@id":"https:\/\/www.ine.gob.bo\/#\/schema\/logo\/image\/","url":"https:\/\/www.ine.gob.bo\/wp-content\/uploads\/2026\/02\/logo-ine.jpg","contentUrl":"https:\/\/www.ine.gob.bo\/wp-content\/uploads\/2026\/02\/logo-ine.jpg","width":799,"height":453,"caption":"Instituto Nacional de Estad\u00edstica"},"image":{"@id":"https:\/\/www.ine.gob.bo\/#\/schema\/logo\/image\/"},"sameAs":["https:\/\/www.facebook.com\/ineboliviaoficial","https:\/\/x.com\/INE_Bolivia","https:\/\/www.instagram.com\/ineboliviaoficial\/","https:\/\/www.youtube.com\/channel\/UCbIQXKLw414g5kWo1tAwqCg"]}]}},"_links":{"self":[{"href":"https:\/\/www.ine.gob.bo\/index.php\/wp-json\/wp\/v2\/dt_portfolio\/48196","targetHints":{"allow":["GET"]}}],"collection":[{"href":"https:\/\/www.ine.gob.bo\/index.php\/wp-json\/wp\/v2\/dt_portfolio"}],"about":[{"href":"https:\/\/www.ine.gob.bo\/index.php\/wp-json\/wp\/v2\/types\/dt_portfolio"}],"author":[{"embeddable":true,"href":"https:\/\/www.ine.gob.bo\/index.php\/wp-json\/wp\/v2\/users\/4"}],"replies":[{"embeddable":true,"href":"https:\/\/www.ine.gob.bo\/index.php\/wp-json\/wp\/v2\/comments?post=48196"}],"version-history":[{"count":0,"href":"https:\/\/www.ine.gob.bo\/index.php\/wp-json\/wp\/v2\/dt_portfolio\/48196\/revisions"}],"wp:featuredmedia":[{"embeddable":true,"href":"https:\/\/www.ine.gob.bo\/index.php\/wp-json\/wp\/v2\/media\/48197"}],"wp:attachment":[{"href":"https:\/\/www.ine.gob.bo\/index.php\/wp-json\/wp\/v2\/media?parent=48196"}],"wp:term":[{"taxonomy":"dt_portfolio_category","embeddable":true,"href":"https:\/\/www.ine.gob.bo\/index.php\/wp-json\/wp\/v2\/dt_portfolio_category?post=48196"}],"curies":[{"name":"wp","href":"https:\/\/api.w.org\/{rel}","templated":true}]}}